{"id":208,"date":"2019-06-03T16:28:23","date_gmt":"2019-06-03T16:28:23","guid":{"rendered":"https:\/\/www.alpassettoghedina.it\/home\/"},"modified":"2026-01-27T16:48:35","modified_gmt":"2026-01-27T16:48:35","slug":"home","status":"publish","type":"page","link":"https:\/\/www.alpassettoghedina.it\/de\/","title":{"rendered":"Home"},"content":{"rendered":"\n\n\t\t\t\t<img decoding=\"async\" src=\"https:\/\/www.alpassettoghedina.it\/wp-content\/uploads\/2019\/05\/passetto_logo.svg\" alt=\"Ristorante Pizzeria Al pAssetto Cortina\" itemprop=\"image\" height=\"\" width=\"\" title=\"passetto_logo\" onerror=\"this.style.display='none'\"  \/>\n<h1>\n\t\tRestaurant und Pizzeria &#8222;Al Passetto&#8220;\n\t<\/h1>\n<h2>\n\t\tCortina d&#8217;Ampezzo\n\t<\/h2>\n\t<p>Ein Mittagessen, eine Familienfeier oder ein romantischer Abend? Im Restaurant \u201eAl Passetto&#8220; in Cortina erwarten Sie kulinarische Momente auf h\u00f6chstem Niveau. 100 Pl\u00e4tze stehen bereit, im Sommer weitere 35 auf unserer Terrasse.<\/p>\n\t\t\t<a href=\"https:\/\/www.alpassettoghedina.it\/de\/restaurant-und-pizzeria\/\" target=\"_self\" role=\"button\" rel=\"noopener\">\n\t\t\t\t\t\t\tEntdecken Sie das Restaurant der K\u00fcche\n\t\t\t\t\t<\/a>\n\t\t\t\t<img loading=\"lazy\" decoding=\"async\" src=\"https:\/\/www.alpassettoghedina.it\/wp-content\/uploads\/2026\/01\/passetto-gluten-free-logo.png\" alt=\"Ristorante con piatti senza glutine\" itemprop=\"image\" height=\"478\" width=\"480\" title=\"passetto-gluten-free-logo\" onerror=\"this.style.display='none'\"  \/>\n<h1>\n\t\tZ\u00f6liakie\n\t<\/h1>\n\tDE GLUTENFREIE GERICHTE F\u00dcR MENSCHEN MIT Z\u00d6LIAKIE<br \/>\nIm Restaurant &#8222;Al Passetto&#8220; haben wir uns spezialisiert auf die Bed\u00fcrfnisse von Menschen mit Z\u00f6liakie. Durch die Einhaltung besonderer Standards wurden wir mit einem Zertifikat ausgezeichnet, das es uns erm\u00f6glicht glutenfreie Di\u00e4tk\u00fcche anzubieten.\n\t\t\t<a href=\"https:\/\/www.alpassettoghedina.it\/de\/zoliakie\/\" target=\"_self\" role=\"button\" rel=\"noopener\">\n\t\t\t\t\t\t\tLesen Sie weiter\n\t\t\t\t\t<\/a>\n<h1>\n\t\tPizzeria\n\t<\/h1>\n<h1>\n\t\tDas Restaurant\n\t<\/h1>\n\t<iframe src=\"https:\/\/www.google.com\/maps\/embed\/v1\/place?q=Restaurant+Pizzeria+%E2%80%9CAl+Passetto%E2%80%9DVia+Guglielmo+Marconi%2C+8%2C+32043+Cortina+d%27Ampezzo+BL%2C+Italia&#038;key=AIzaSyD09zQ9PNDNNy9TadMuzRV_UsPUoWKntt8\" aria-hidden=\"true\"><\/iframe>\n<h2>\n\t\tWo wir sind\n\t<\/h2>\n\tSie k\u00f6nnen unsere Pizzeria Al Passetto in Cortina d&#8217;Ampezzo ganz einfach erreichen!<br \/>\nDie Pizzeria befindet sich auf der Umgehungsstra\u00dfe, ganz in der N\u00e4he der Innenstadt, dem Busbahnhof gegen\u00fcber, wo auch ein \u00f6ffentlicher Parkplatz zur Verf\u00fcgung steht.<br \/>\nVon der Fussgangerzone &#8222;Corso Italia&#8220; aus, ist das Restaurant bequem durch eine Nebenstra\u00dfe zu Fuss erreichbar.\n\t\t\t\t<img decoding=\"async\" src=\"https:\/\/www.alpassettoghedina.it\/wp-content\/uploads\/2019\/05\/passetto_logo.svg\" alt=\"Ristorante Pizzeria Al pAssetto Cortina\" itemprop=\"image\" height=\"\" width=\"\" title=\"passetto_logo\" onerror=\"this.style.display='none'\"  \/>\n\t\t\t\t<img loading=\"lazy\" decoding=\"async\" src=\"https:\/\/www.alpassettoghedina.it\/wp-content\/uploads\/2019\/05\/ghedina-cortina.png\" alt=\"Famiglia Ghedina - Cortina\" itemprop=\"image\" height=\"90\" width=\"120\" title=\"ghedina-cortina\" onerror=\"this.style.display='none'\"  \/>\n\t\t\t\t<img loading=\"lazy\" decoding=\"async\" src=\"https:\/\/www.alpassettoghedina.it\/wp-content\/uploads\/2019\/05\/aic.png\" alt=\"AIC\" itemprop=\"image\" height=\"90\" width=\"120\" title=\"aic\" onerror=\"this.style.display='none'\"  \/>\n<h4>\n\t\t\u00d6ffnungszeiten:\n\t<\/h4>\n<table><colgroup> <col \/> <col \/> <\/colgroup>\n<tbody>\n<tr>\n<td>Mittags<\/td>\n<td>von 12:00 Uhr bis 15:00 Uhr<\/td>\n<\/tr>\n<tr>\n<td>Abends<\/td>\n<td>von 18:30 Uhr bis 24:00 Uhr<\/td>\n<\/tr>\n<tr>\n<td>Rehetag<\/td>\n<td>Mittwoch<\/td>\n<\/tr>\n<tr>\n<td>Wegen Ferien geschlossen<\/td>\n<td>4 Wochen ab Ostern und von der letzten Novemberwoche bis Mitte Dezember.<\/td>\n<\/tr>\n<\/tbody>\n<\/table>\n\t<h4>Follow\u00a0Us<\/h4>\n<p>Puoi seguirci su nostri canali social:<\/p>\n\n","protected":false},"excerpt":{"rendered":"<p>Restaurant und Pizzeria &#8222;Al Passetto&#8220; Cortina d&#8217;Ampezzo Ein Mittagessen, eine Familienfeier oder ein romantischer Abend? Im Restaurant \u201eAl Passetto&#8220; in Cortina erwarten Sie kulinarische Momente auf h\u00f6chstem Niveau. 100 Pl\u00e4tze stehen bereit, im Sommer weitere 35 auf unserer Terrasse. Entdecken Sie das Restaurant der K\u00fcche Z\u00f6liakie DE GLUTENFREIE GERICHTE F\u00dcR MENSCHEN MIT Z\u00d6LIAKIE Im Restaurant [&hellip;]<\/p>\n","protected":false},"author":1,"featured_media":0,"parent":0,"menu_order":0,"comment_status":"closed","ping_status":"closed","template":"","meta":{"inline_featured_image":false,"_monsterinsights_skip_tracking":false,"footnotes":""},"class_list":["post-208","page","type-page","status-publish","hentry","wpbf-post"],"yoast_head":"<!-- This site is optimized with the Yoast SEO plugin v28.2 - https:\/\/yoast.com\/product\/yoast-seo-wordpress\/ -->\n<title>Home | Ristorante Pizzeria Al Passetto<\/title>\n<meta name=\"robots\" content=\"index, follow, max-snippet:-1, max-image-preview:large, max-video-preview:-1\" \/>\n<link rel=\"canonical\" href=\"https:\/\/www.alpassettoghedina.it\/de\/\" \/>\n<meta property=\"og:locale\" content=\"de_DE\" \/>\n<meta property=\"og:type\" content=\"article\" \/>\n<meta property=\"og:title\" content=\"Home | Ristorante Pizzeria Al Passetto\" \/>\n<meta property=\"og:description\" content=\"Restaurant und Pizzeria &#8222;Al Passetto&#8220; Cortina d&#8217;Ampezzo Ein Mittagessen, eine Familienfeier oder ein romantischer Abend? Im Restaurant \u201eAl Passetto&#8220; in Cortina erwarten Sie kulinarische Momente auf h\u00f6chstem Niveau. 100 Pl\u00e4tze stehen bereit, im Sommer weitere 35 auf unserer Terrasse. Entdecken Sie das Restaurant der K\u00fcche Z\u00f6liakie DE GLUTENFREIE GERICHTE F\u00dcR MENSCHEN MIT Z\u00d6LIAKIE Im Restaurant [&hellip;]\" \/>\n<meta property=\"og:url\" content=\"https:\/\/www.alpassettoghedina.it\/de\/\" \/>\n<meta property=\"og:site_name\" content=\"Ristorante Pizzeria Al Passetto\" \/>\n<meta property=\"article:publisher\" content=\"https:\/\/www.facebook.com\/giorgio.ghedina\" \/>\n<meta property=\"article:modified_time\" content=\"2026-01-27T16:48:35+00:00\" \/>\n<meta property=\"og:image\" content=\"https:\/\/www.alpassettoghedina.it\/wp-content\/uploads\/2019\/05\/passetto_logo.svg\" \/>\n<meta name=\"twitter:card\" content=\"summary_large_image\" \/>\n<meta name=\"twitter:label1\" content=\"Gesch\u00e4tzte Lesezeit\" \/>\n\t<meta name=\"twitter:data1\" content=\"1\u00a0Minute\" \/>\n<script type=\"application\/ld+json\" class=\"yoast-schema-graph\">{\"@context\":\"https:\\\/\\\/schema.org\",\"@graph\":[{\"@type\":\"WebPage\",\"@id\":\"https:\\\/\\\/www.alpassettoghedina.it\\\/de\\\/\",\"url\":\"https:\\\/\\\/www.alpassettoghedina.it\\\/de\\\/\",\"name\":\"Home | Ristorante Pizzeria Al Passetto\",\"isPartOf\":{\"@id\":\"https:\\\/\\\/www.alpassettoghedina.it\\\/#website\"},\"primaryImageOfPage\":{\"@id\":\"https:\\\/\\\/www.alpassettoghedina.it\\\/de\\\/#primaryimage\"},\"image\":{\"@id\":\"https:\\\/\\\/www.alpassettoghedina.it\\\/de\\\/#primaryimage\"},\"thumbnailUrl\":\"https:\\\/\\\/www.alpassettoghedina.it\\\/wp-content\\\/uploads\\\/2019\\\/05\\\/passetto_logo.svg\",\"datePublished\":\"2019-06-03T16:28:23+00:00\",\"dateModified\":\"2026-01-27T16:48:35+00:00\",\"breadcrumb\":{\"@id\":\"https:\\\/\\\/www.alpassettoghedina.it\\\/de\\\/#breadcrumb\"},\"inLanguage\":\"de\",\"potentialAction\":[{\"@type\":\"ReadAction\",\"target\":[\"https:\\\/\\\/www.alpassettoghedina.it\\\/de\\\/\"]}]},{\"@type\":\"ImageObject\",\"inLanguage\":\"de\",\"@id\":\"https:\\\/\\\/www.alpassettoghedina.it\\\/de\\\/#primaryimage\",\"url\":\"https:\\\/\\\/www.alpassettoghedina.it\\\/wp-content\\\/uploads\\\/2019\\\/05\\\/passetto_logo.svg\",\"contentUrl\":\"https:\\\/\\\/www.alpassettoghedina.it\\\/wp-content\\\/uploads\\\/2019\\\/05\\\/passetto_logo.svg\"},{\"@type\":\"BreadcrumbList\",\"@id\":\"https:\\\/\\\/www.alpassettoghedina.it\\\/de\\\/#breadcrumb\",\"itemListElement\":[{\"@type\":\"ListItem\",\"position\":1,\"name\":\"Home\",\"item\":\"https:\\\/\\\/www.alpassettoghedina.it\\\/de\\\/\"},{\"@type\":\"ListItem\",\"position\":2,\"name\":\"Home\"}]},{\"@type\":\"WebSite\",\"@id\":\"https:\\\/\\\/www.alpassettoghedina.it\\\/#website\",\"url\":\"https:\\\/\\\/www.alpassettoghedina.it\\\/\",\"name\":\"Ristorante Pizzeria Al Passetto\",\"description\":\"Cortina d'Ampezzo\",\"publisher\":{\"@id\":\"https:\\\/\\\/www.alpassettoghedina.it\\\/#organization\"},\"potentialAction\":[{\"@type\":\"SearchAction\",\"target\":{\"@type\":\"EntryPoint\",\"urlTemplate\":\"https:\\\/\\\/www.alpassettoghedina.it\\\/?s={search_term_string}\"},\"query-input\":{\"@type\":\"PropertyValueSpecification\",\"valueRequired\":true,\"valueName\":\"search_term_string\"}}],\"inLanguage\":\"de\"},{\"@type\":\"Organization\",\"@id\":\"https:\\\/\\\/www.alpassettoghedina.it\\\/#organization\",\"name\":\"Al Passetto - Ristorante e Pizzeria a Cortina\",\"url\":\"https:\\\/\\\/www.alpassettoghedina.it\\\/\",\"logo\":{\"@type\":\"ImageObject\",\"inLanguage\":\"de\",\"@id\":\"https:\\\/\\\/www.alpassettoghedina.it\\\/#\\\/schema\\\/logo\\\/image\\\/\",\"url\":\"https:\\\/\\\/www.alpassettoghedina.it\\\/wp-content\\\/uploads\\\/2019\\\/05\\\/logo-int.svg\",\"contentUrl\":\"https:\\\/\\\/www.alpassettoghedina.it\\\/wp-content\\\/uploads\\\/2019\\\/05\\\/logo-int.svg\",\"width\":1,\"height\":1,\"caption\":\"Al Passetto - Ristorante e Pizzeria a Cortina\"},\"image\":{\"@id\":\"https:\\\/\\\/www.alpassettoghedina.it\\\/#\\\/schema\\\/logo\\\/image\\\/\"},\"sameAs\":[\"https:\\\/\\\/www.facebook.com\\\/giorgio.ghedina\"]}]}<\/script>\n<!-- \/ Yoast SEO plugin. -->","yoast_head_json":{"title":"Home | Ristorante Pizzeria Al Passetto","robots":{"index":"index","follow":"follow","max-snippet":"max-snippet:-1","max-image-preview":"max-image-preview:large","max-video-preview":"max-video-preview:-1"},"canonical":"https:\/\/www.alpassettoghedina.it\/de\/","og_locale":"de_DE","og_type":"article","og_title":"Home | Ristorante Pizzeria Al Passetto","og_description":"Restaurant und Pizzeria &#8222;Al Passetto&#8220; Cortina d&#8217;Ampezzo Ein Mittagessen, eine Familienfeier oder ein romantischer Abend? Im Restaurant \u201eAl Passetto&#8220; in Cortina erwarten Sie kulinarische Momente auf h\u00f6chstem Niveau. 100 Pl\u00e4tze stehen bereit, im Sommer weitere 35 auf unserer Terrasse. Entdecken Sie das Restaurant der K\u00fcche Z\u00f6liakie DE GLUTENFREIE GERICHTE F\u00dcR MENSCHEN MIT Z\u00d6LIAKIE Im Restaurant [&hellip;]","og_url":"https:\/\/www.alpassettoghedina.it\/de\/","og_site_name":"Ristorante Pizzeria Al Passetto","article_publisher":"https:\/\/www.facebook.com\/giorgio.ghedina","article_modified_time":"2026-01-27T16:48:35+00:00","og_image":[{"url":"https:\/\/www.alpassettoghedina.it\/wp-content\/uploads\/2019\/05\/passetto_logo.svg","type":"","width":"","height":""}],"twitter_card":"summary_large_image","twitter_misc":{"Gesch\u00e4tzte Lesezeit":"1\u00a0Minute"},"schema":{"@context":"https:\/\/schema.org","@graph":[{"@type":"WebPage","@id":"https:\/\/www.alpassettoghedina.it\/de\/","url":"https:\/\/www.alpassettoghedina.it\/de\/","name":"Home | Ristorante Pizzeria Al Passetto","isPartOf":{"@id":"https:\/\/www.alpassettoghedina.it\/#website"},"primaryImageOfPage":{"@id":"https:\/\/www.alpassettoghedina.it\/de\/#primaryimage"},"image":{"@id":"https:\/\/www.alpassettoghedina.it\/de\/#primaryimage"},"thumbnailUrl":"https:\/\/www.alpassettoghedina.it\/wp-content\/uploads\/2019\/05\/passetto_logo.svg","datePublished":"2019-06-03T16:28:23+00:00","dateModified":"2026-01-27T16:48:35+00:00","breadcrumb":{"@id":"https:\/\/www.alpassettoghedina.it\/de\/#breadcrumb"},"inLanguage":"de","potentialAction":[{"@type":"ReadAction","target":["https:\/\/www.alpassettoghedina.it\/de\/"]}]},{"@type":"ImageObject","inLanguage":"de","@id":"https:\/\/www.alpassettoghedina.it\/de\/#primaryimage","url":"https:\/\/www.alpassettoghedina.it\/wp-content\/uploads\/2019\/05\/passetto_logo.svg","contentUrl":"https:\/\/www.alpassettoghedina.it\/wp-content\/uploads\/2019\/05\/passetto_logo.svg"},{"@type":"BreadcrumbList","@id":"https:\/\/www.alpassettoghedina.it\/de\/#breadcrumb","itemListElement":[{"@type":"ListItem","position":1,"name":"Home","item":"https:\/\/www.alpassettoghedina.it\/de\/"},{"@type":"ListItem","position":2,"name":"Home"}]},{"@type":"WebSite","@id":"https:\/\/www.alpassettoghedina.it\/#website","url":"https:\/\/www.alpassettoghedina.it\/","name":"Ristorante Pizzeria Al Passetto","description":"Cortina d'Ampezzo","publisher":{"@id":"https:\/\/www.alpassettoghedina.it\/#organization"},"potentialAction":[{"@type":"SearchAction","target":{"@type":"EntryPoint","urlTemplate":"https:\/\/www.alpassettoghedina.it\/?s={search_term_string}"},"query-input":{"@type":"PropertyValueSpecification","valueRequired":true,"valueName":"search_term_string"}}],"inLanguage":"de"},{"@type":"Organization","@id":"https:\/\/www.alpassettoghedina.it\/#organization","name":"Al Passetto - Ristorante e Pizzeria a Cortina","url":"https:\/\/www.alpassettoghedina.it\/","logo":{"@type":"ImageObject","inLanguage":"de","@id":"https:\/\/www.alpassettoghedina.it\/#\/schema\/logo\/image\/","url":"https:\/\/www.alpassettoghedina.it\/wp-content\/uploads\/2019\/05\/logo-int.svg","contentUrl":"https:\/\/www.alpassettoghedina.it\/wp-content\/uploads\/2019\/05\/logo-int.svg","width":1,"height":1,"caption":"Al Passetto - Ristorante e Pizzeria a Cortina"},"image":{"@id":"https:\/\/www.alpassettoghedina.it\/#\/schema\/logo\/image\/"},"sameAs":["https:\/\/www.facebook.com\/giorgio.ghedina"]}]}},"_links":{"self":[{"href":"https:\/\/www.alpassettoghedina.it\/de\/wp-json\/wp\/v2\/pages\/208","targetHints":{"allow":["GET"]}}],"collection":[{"href":"https:\/\/www.alpassettoghedina.it\/de\/wp-json\/wp\/v2\/pages"}],"about":[{"href":"https:\/\/www.alpassettoghedina.it\/de\/wp-json\/wp\/v2\/types\/page"}],"author":[{"embeddable":true,"href":"https:\/\/www.alpassettoghedina.it\/de\/wp-json\/wp\/v2\/users\/1"}],"replies":[{"embeddable":true,"href":"https:\/\/www.alpassettoghedina.it\/de\/wp-json\/wp\/v2\/comments?post=208"}],"version-history":[{"count":1,"href":"https:\/\/www.alpassettoghedina.it\/de\/wp-json\/wp\/v2\/pages\/208\/revisions"}],"predecessor-version":[{"id":353,"href":"https:\/\/www.alpassettoghedina.it\/de\/wp-json\/wp\/v2\/pages\/208\/revisions\/353"}],"wp:attachment":[{"href":"https:\/\/www.alpassettoghedina.it\/de\/wp-json\/wp\/v2\/media?parent=208"}],"curies":[{"name":"wp","href":"https:\/\/api.w.org\/{rel}","templated":true}]}}